{"id":2318,"date":"2025-09-15T09:39:49","date_gmt":"2025-09-15T09:39:49","guid":{"rendered":"https:\/\/premios.camaracastellon.com\/?page_id=2318"},"modified":"2025-09-15T09:50:46","modified_gmt":"2025-09-15T09:50:46","slug":"premiados-2024","status":"publish","type":"page","link":"https:\/\/premios.camaracastellon.com\/val\/premiados-2024\/","title":{"rendered":"Premiados 2024"},"content":{"rendered":"<div data-elementor-type=\"wp-page\" data-elementor-id=\"2318\" class=\"elementor elementor-2318\" data-elementor-post-type=\"page\">\n\t\t\t\t<div class=\"elementor-element elementor-element-40ce9791 e-flex e-con-boxed e-con e-parent\" data-id=\"40ce9791\" data-element_type=\"container\" data-e-type=\"container\">\n\t\t\t\t\t<div class=\"e-con-inner\">\n\t\t\t\t<div class=\"elementor-element elementor-element-c301bae elementor-widget elementor-widget-text-editor\" data-id=\"c301bae\" data-element_type=\"widget\" data-e-type=\"widget\" data-widget_type=\"text-editor.default\">\n\t\t\t\t<div class=\"elementor-widget-container\">\n\t\t\t\t\t\t\t\t\t\t\t\t\t\t\t\t\t<\/div>\n\t\t\t\t<\/div>\n\t\t\t\t<div class=\"elementor-element elementor-element-54b1689 elementor-widget elementor-widget-heading\" data-id=\"54b1689\" data-element_type=\"widget\" data-e-type=\"widget\" data-widget_type=\"heading.default\">\n\t\t\t\t<div class=\"elementor-widget-container\">\n\t\t\t\t\t<h2 class=\"elementor-heading-title elementor-size-default\">Premio a la Exportaci\u00f3n<\/h2>\t\t\t\t<\/div>\n\t\t\t\t<\/div>\n\t\t\t\t\t<\/div>\n\t\t\t\t<\/div>\n\t\t<div class=\"elementor-element elementor-element-a28774a e-flex e-con-boxed e-con e-parent\" data-id=\"a28774a\" data-element_type=\"container\" data-e-type=\"container\">\n\t\t\t\t\t<div class=\"e-con-inner\">\n\t\t<div class=\"elementor-element elementor-element-45c76e2 e-con-full e-flex e-con e-child\" data-id=\"45c76e2\" data-element_type=\"container\" data-e-type=\"container\">\n\t\t\t\t<div class=\"elementor-element elementor-element-de2ab24 elementor-widget elementor-widget-image\" data-id=\"de2ab24\" data-element_type=\"widget\" data-e-type=\"widget\" data-widget_type=\"image.default\">\n\t\t\t\t<div class=\"elementor-widget-container\">\n\t\t\t\t\t\t\t\t\t\t\t\t\t\t\t<img fetchpriority=\"high\" decoding=\"async\" width=\"800\" height=\"170\" src=\"https:\/\/premios.camaracastellon.com\/wp-content\/uploads\/2025\/09\/Black-White-Modern-Handwritten-Square-Studio-Logo-800-x-170-px.png\" class=\"attachment-large size-large wp-image-2321\" alt=\"\" srcset=\"https:\/\/premios.camaracastellon.com\/wp-content\/uploads\/2025\/09\/Black-White-Modern-Handwritten-Square-Studio-Logo-800-x-170-px.png 800w, https:\/\/premios.camaracastellon.com\/wp-content\/uploads\/2025\/09\/Black-White-Modern-Handwritten-Square-Studio-Logo-800-x-170-px-480x102.png 480w\" sizes=\"(min-width: 0px) and (max-width: 480px) 480px, (min-width: 481px) 800px, 100vw\" \/>\t\t\t\t\t\t\t\t\t\t\t\t\t\t\t<\/div>\n\t\t\t\t<\/div>\n\t\t\t\t<\/div>\n\t\t<div class=\"elementor-element elementor-element-4d47615 e-con-full e-flex e-con e-child\" data-id=\"4d47615\" data-element_type=\"container\" data-e-type=\"container\">\n\t\t\t\t<div class=\"elementor-element elementor-element-73ec033 elementor-widget elementor-widget-heading\" data-id=\"73ec033\" data-element_type=\"widget\" data-e-type=\"widget\" data-widget_type=\"heading.default\">\n\t\t\t\t<div class=\"elementor-widget-container\">\n\t\t\t\t\t<h4 class=\"elementor-heading-title elementor-size-default\">Premio extraordinario<\/h4>\t\t\t\t<\/div>\n\t\t\t\t<\/div>\n\t\t\t\t<div class=\"elementor-element elementor-element-6bb39c9 elementor-widget elementor-widget-text-editor\" data-id=\"6bb39c9\" data-element_type=\"widget\" data-e-type=\"widget\" data-widget_type=\"text-editor.default\">\n\t\t\t\t<div class=\"elementor-widget-container\">\n\t\t\t\t\t\t\t\t\t<p><strong>Fernando Roig <\/strong>se ha convertido en un referente indiscutible del tejido empresarial y deportivo de la Comunitat Valenciana. Propietario y presidente de Pamesa Cer\u00e1mica, ha convertido la compa\u00f1\u00eda en uno de los mayores grupos del sector cer\u00e1mico a nivel internacional, destacando por si capacidad de innovaci\u00f3n, su visi\u00f3n estrat\u00e9gica y su apuesta decidida por el crecimiento sostenible. Su actividad empresarial se extiende tambi\u00e9n a otros sectores como la distribuci\u00f3n, la energ\u00eda o el deporte como presidente del Villarreal C.F. Su Trayectoria est\u00e1 marcada por el compromiso con el territorio, la creaci\u00f3n de empleo, la proyecci\u00f3n internacional y la capacidad de generar valor all\u00ed donde emprende.\u00a0<\/p>\t\t\t\t\t\t\t\t<\/div>\n\t\t\t\t<\/div>\n\t\t\t\t<\/div>\n\t\t\t\t\t<\/div>\n\t\t\t\t<\/div>\n\t\t<div class=\"elementor-element elementor-element-95528e7 e-flex e-con-boxed e-con e-parent\" data-id=\"95528e7\" data-element_type=\"container\" data-e-type=\"container\">\n\t\t\t\t\t<div class=\"e-con-inner\">\n\t\t<div class=\"elementor-element elementor-element-5c4f9a1 e-con-full e-flex e-con e-child\" data-id=\"5c4f9a1\" data-element_type=\"container\" data-e-type=\"container\">\n\t\t\t\t<div class=\"elementor-element elementor-element-859b985 elementor-widget elementor-widget-heading\" data-id=\"859b985\" data-element_type=\"widget\" data-e-type=\"widget\" data-widget_type=\"heading.default\">\n\t\t\t\t<div class=\"elementor-widget-container\">\n\t\t\t\t\t<h4 class=\"elementor-heading-title elementor-size-default\">Premio emprendedor<\/h4>\t\t\t\t<\/div>\n\t\t\t\t<\/div>\n\t\t\t\t<div class=\"elementor-element elementor-element-0bc531d elementor-widget elementor-widget-text-editor\" data-id=\"0bc531d\" data-element_type=\"widget\" data-e-type=\"widget\" data-widget_type=\"text-editor.default\">\n\t\t\t\t<div class=\"elementor-widget-container\">\n\t\t\t\t\t\t\t\t\t<p><strong>Roigres Internacional S.L.U<\/strong>\u00a0con sede en Almassora cuenta con una destacada labor en la internacionalizaci\u00f3n de productos del h\u00e1bitat, especialmente cer\u00e1micos hacia mercados emergentes. Fundada en 2022, esta joven empresa ha logrado posicionarse como un socio estrat\u00e9gico para mas de 60 marcas espa\u00f1olas y europeas, gracias a un modelo de negocio innovador que combina agencia comercial, consultor\u00eda y central de compras. Con una visi\u00f3n plenamente exportadora, Roigres concentra el 95% de su actividad en el exterior, operando en mercados como Kenia, Nigeria, Ghana, Marruecos, T\u00fanez y, m\u00e1s recientemente, en el Caribe y Asia.\u00a0<\/p>\t\t\t\t\t\t\t\t<\/div>\n\t\t\t\t<\/div>\n\t\t\t\t<\/div>\n\t\t<div class=\"elementor-element elementor-element-ced2e97 e-con-full e-flex e-con e-child\" data-id=\"ced2e97\" data-element_type=\"container\" data-e-type=\"container\">\n\t\t\t\t<div class=\"elementor-element elementor-element-299ec7c elementor-widget elementor-widget-image\" data-id=\"299ec7c\" data-element_type=\"widget\" data-e-type=\"widget\" data-widget_type=\"image.default\">\n\t\t\t\t<div class=\"elementor-widget-container\">\n\t\t\t\t\t\t\t\t\t\t\t\t\t\t\t<img decoding=\"async\" width=\"751\" height=\"501\" src=\"https:\/\/premios.camaracastellon.com\/wp-content\/uploads\/2025\/09\/logo-roigres.jpg\" class=\"attachment-large size-large wp-image-2322\" alt=\"\" srcset=\"https:\/\/premios.camaracastellon.com\/wp-content\/uploads\/2025\/09\/logo-roigres.jpg 751w, https:\/\/premios.camaracastellon.com\/wp-content\/uploads\/2025\/09\/logo-roigres-480x320.jpg 480w\" sizes=\"(min-width: 0px) and (max-width: 480px) 480px, (min-width: 481px) 751px, 100vw\" \/>\t\t\t\t\t\t\t\t\t\t\t\t\t\t\t<\/div>\n\t\t\t\t<\/div>\n\t\t\t\t<\/div>\n\t\t\t\t\t<\/div>\n\t\t\t\t<\/div>\n\t\t<div class=\"elementor-element elementor-element-401fad1 e-flex e-con-boxed e-con e-parent\" data-id=\"401fad1\" data-element_type=\"container\" data-e-type=\"container\">\n\t\t\t\t\t<div class=\"e-con-inner\">\n\t\t<div class=\"elementor-element elementor-element-3bf0046 e-con-full e-flex e-con e-child\" data-id=\"3bf0046\" data-element_type=\"container\" data-e-type=\"container\">\n\t\t\t\t<div class=\"elementor-element elementor-element-f455a51 elementor-widget elementor-widget-image\" data-id=\"f455a51\" data-element_type=\"widget\" data-e-type=\"widget\" data-widget_type=\"image.default\">\n\t\t\t\t<div class=\"elementor-widget-container\">\n\t\t\t\t\t\t\t\t\t\t\t\t\t\t\t<img decoding=\"async\" width=\"300\" height=\"298\" src=\"https:\/\/premios.camaracastellon.com\/wp-content\/uploads\/2025\/09\/logo_clasol-trasparente-300x298.png\" class=\"attachment-medium size-medium wp-image-2323\" alt=\"\" \/>\t\t\t\t\t\t\t\t\t\t\t\t\t\t\t<\/div>\n\t\t\t\t<\/div>\n\t\t\t\t<\/div>\n\t\t<div class=\"elementor-element elementor-element-105a63b e-con-full e-flex e-con e-child\" data-id=\"105a63b\" data-element_type=\"container\" data-e-type=\"container\">\n\t\t\t\t<div class=\"elementor-element elementor-element-b82204b elementor-widget elementor-widget-heading\" data-id=\"b82204b\" data-element_type=\"widget\" data-e-type=\"widget\" data-widget_type=\"heading.default\">\n\t\t\t\t<div class=\"elementor-widget-container\">\n\t\t\t\t\t<h4 class=\"elementor-heading-title elementor-size-default\">Premio pyme exportadora<\/h4>\t\t\t\t<\/div>\n\t\t\t\t<\/div>\n\t\t\t\t<div class=\"elementor-element elementor-element-44cda3d elementor-widget elementor-widget-text-editor\" data-id=\"44cda3d\" data-element_type=\"widget\" data-e-type=\"widget\" data-widget_type=\"text-editor.default\">\n\t\t\t\t<div class=\"elementor-widget-container\">\n\t\t\t\t\t\t\t\t\t<p><strong>Clasol Frutas &amp; Verduras <\/strong>con sede en Burriana, se distingue por su firme y exitosa apuesta por los mercados internacionales. Desde su creaci\u00f3n en 2015, ha evolucionado hasta convertirse en un proveedor integral del sector hortofrut\u00edcola, exportando actualmente el 70% de su producci\u00f3n a m\u00e1s de 15 pa\u00edses europeos, con presencia destacada en Alemania, Francia, Reino Unido o los pa\u00edses n\u00f3rdicos. Con una visi\u00f3n basada en la innovaci\u00f3n, la sostenibilidad y la excelencia operativa, Clasol ha apostado por la digitalizaci\u00f3n de procesos, la diversificaci\u00f3n de productos y la apertura de centros log\u00edsticos en pa\u00edses clave.<\/p>\t\t\t\t\t\t\t\t<\/div>\n\t\t\t\t<\/div>\n\t\t\t\t<\/div>\n\t\t\t\t\t<\/div>\n\t\t\t\t<\/div>\n\t\t<div class=\"elementor-element elementor-element-546d4c9 e-flex e-con-boxed e-con e-parent\" data-id=\"546d4c9\" data-element_type=\"container\" data-e-type=\"container\">\n\t\t\t\t\t<div class=\"e-con-inner\">\n\t\t<div class=\"elementor-element elementor-element-7f4e56f e-con-full e-flex e-con e-child\" data-id=\"7f4e56f\" data-element_type=\"container\" data-e-type=\"container\">\n\t\t\t\t<div class=\"elementor-element elementor-element-5fb32fd elementor-widget elementor-widget-heading\" data-id=\"5fb32fd\" data-element_type=\"widget\" data-e-type=\"widget\" data-widget_type=\"heading.default\">\n\t\t\t\t<div class=\"elementor-widget-container\">\n\t\t\t\t\t<h4 class=\"elementor-heading-title elementor-size-default\">Acc\u00e9sit pyme exportadora<\/h4>\t\t\t\t<\/div>\n\t\t\t\t<\/div>\n\t\t\t\t<div class=\"elementor-element elementor-element-666a848 elementor-widget elementor-widget-text-editor\" data-id=\"666a848\" data-element_type=\"widget\" data-e-type=\"widget\" data-widget_type=\"text-editor.default\">\n\t\t\t\t<div class=\"elementor-widget-container\">\n\t\t\t\t\t\t\t\t\t<p><b>Personas y Tecnolog\u00eda (P&amp;T)<\/b>, con sede en Onda, destaca por su proyecci\u00f3n internacional en el dise\u00f1o, desarrollo y fabricaci\u00f3n de maquinaria multisectorial. Fundada en 2006 a ra\u00edz de un reto t\u00e9cnico en la industria cer\u00e1mica, la empresa ha construido una s\u00f3lida trayectoria innovadora gracias a soluciones pioneras como el rodillo de silicona flexible y sistemas propios como el Cleanjector o el Inktester, que han revolucionado la impresi\u00f3n digital a escala global. En 2024, el 98\u202f% de su facturaci\u00f3n proviene ya de mercados exteriores, con presencia en m\u00e1s de 30 pa\u00edses y una participaci\u00f3n activa en ferias internacionales.<\/p>\t\t\t\t\t\t\t\t<\/div>\n\t\t\t\t<\/div>\n\t\t\t\t<\/div>\n\t\t<div class=\"elementor-element elementor-element-7d6da99 e-con-full e-flex e-con e-child\" data-id=\"7d6da99\" data-element_type=\"container\" data-e-type=\"container\">\n\t\t\t\t<div class=\"elementor-element elementor-element-c99f0fc elementor-widget elementor-widget-image\" data-id=\"c99f0fc\" data-element_type=\"widget\" data-e-type=\"widget\" data-widget_type=\"image.default\">\n\t\t\t\t<div class=\"elementor-widget-container\">\n\t\t\t\t\t\t\t\t\t\t\t\t\t\t\t<img loading=\"lazy\" decoding=\"async\" width=\"300\" height=\"164\" src=\"https:\/\/premios.camaracastellon.com\/wp-content\/uploads\/2025\/09\/Logo_Personas_y_Tecnologia_Nuevo-300x164.png\" class=\"attachment-medium size-medium wp-image-2327\" alt=\"\" \/>\t\t\t\t\t\t\t\t\t\t\t\t\t\t\t<\/div>\n\t\t\t\t<\/div>\n\t\t\t\t<\/div>\n\t\t\t\t\t<\/div>\n\t\t\t\t<\/div>\n\t\t<div class=\"elementor-element elementor-element-b6ce966 e-flex e-con-boxed e-con e-parent\" data-id=\"b6ce966\" data-element_type=\"container\" data-e-type=\"container\">\n\t\t\t\t\t<div class=\"e-con-inner\">\n\t\t<div class=\"elementor-element elementor-element-8c895ab e-con-full e-flex e-con e-child\" data-id=\"8c895ab\" data-element_type=\"container\" data-e-type=\"container\">\n\t\t\t\t<div class=\"elementor-element elementor-element-2199d43 elementor-widget elementor-widget-image\" data-id=\"2199d43\" data-element_type=\"widget\" data-e-type=\"widget\" data-widget_type=\"image.default\">\n\t\t\t\t<div class=\"elementor-widget-container\">\n\t\t\t\t\t\t\t\t\t\t\t\t\t\t\t<img loading=\"lazy\" decoding=\"async\" width=\"300\" height=\"240\" src=\"https:\/\/premios.camaracastellon.com\/wp-content\/uploads\/2025\/09\/LOGO-GESUNCER-PNG.png\" class=\"attachment-medium size-medium wp-image-2324\" alt=\"\" \/>\t\t\t\t\t\t\t\t\t\t\t\t\t\t\t<\/div>\n\t\t\t\t<\/div>\n\t\t\t\t<\/div>\n\t\t<div class=\"elementor-element elementor-element-23849b8 e-con-full e-flex e-con e-child\" data-id=\"23849b8\" data-element_type=\"container\" data-e-type=\"container\">\n\t\t\t\t<div class=\"elementor-element elementor-element-f9fc9f8 elementor-widget elementor-widget-heading\" data-id=\"f9fc9f8\" data-element_type=\"widget\" data-e-type=\"widget\" data-widget_type=\"heading.default\">\n\t\t\t\t<div class=\"elementor-widget-container\">\n\t\t\t\t\t<h4 class=\"elementor-heading-title elementor-size-default\">Premio trayectoria internacional <\/h4>\t\t\t\t<\/div>\n\t\t\t\t<\/div>\n\t\t\t\t<div class=\"elementor-element elementor-element-1c9dfcd elementor-widget elementor-widget-text-editor\" data-id=\"1c9dfcd\" data-element_type=\"widget\" data-e-type=\"widget\" data-widget_type=\"text-editor.default\">\n\t\t\t\t<div class=\"elementor-widget-container\">\n\t\t\t\t\t\t\t\t\t<p style=\"text-align: justify; line-height: 150%;\"><strong>Gesuncer S.L<\/strong> con sede en Vila-real, destaca por su proyecci\u00f3n exterior en el sector de fritas, esmaltes y colores para la industria cer\u00e1mica. Desde que inici\u00f3 su actividad exportadora en 2007, la empresa ha consolidado su presencia en mercados estrat\u00e9gicos como Turqu\u00eda, India, T\u00fanez, Sri Lanka o Marruecos, hasta alcanzar en 2024 un 98\u202f% de facturaci\u00f3n proveniente del comercio internacional. Su enfoque diferencial, basado en una atenci\u00f3n t\u00e9cnica personalizada y cercana, le ha permitido forjar relaciones comerciales duraderas y adaptarse con agilidad a las necesidades de cada cliente.<\/p>\t\t\t\t\t\t\t\t<\/div>\n\t\t\t\t<\/div>\n\t\t\t\t<\/div>\n\t\t\t\t\t<\/div>\n\t\t\t\t<\/div>\n\t\t<div class=\"elementor-element elementor-element-5bb5c44 e-flex e-con-boxed e-con e-parent\" data-id=\"5bb5c44\" data-element_type=\"container\" data-e-type=\"container\">\n\t\t\t\t\t<div class=\"e-con-inner\">\n\t\t\t\t<div class=\"elementor-element elementor-element-0cfae7c elementor-widget elementor-widget-heading\" data-id=\"0cfae7c\" data-element_type=\"widget\" data-e-type=\"widget\" data-widget_type=\"heading.default\">\n\t\t\t\t<div class=\"elementor-widget-container\">\n\t\t\t\t\t<h2 class=\"elementor-heading-title elementor-size-default\">Premio al Turismo<\/h2>\t\t\t\t<\/div>\n\t\t\t\t<\/div>\n\t\t\t\t\t<\/div>\n\t\t\t\t<\/div>\n\t\t<div class=\"elementor-element elementor-element-2bcf4c1 e-flex e-con-boxed e-con e-parent\" data-id=\"2bcf4c1\" data-element_type=\"container\" data-e-type=\"container\">\n\t\t\t\t\t<div class=\"e-con-inner\">\n\t\t<div class=\"elementor-element elementor-element-6c3d366 e-con-full e-flex e-con e-child\" data-id=\"6c3d366\" data-element_type=\"container\" data-e-type=\"container\">\n\t\t\t\t<div class=\"elementor-element elementor-element-03895f9 elementor-widget elementor-widget-heading\" data-id=\"03895f9\" data-element_type=\"widget\" data-e-type=\"widget\" data-widget_type=\"heading.default\">\n\t\t\t\t<div class=\"elementor-widget-container\">\n\t\t\t\t\t<h4 class=\"elementor-heading-title elementor-size-default\">Premio innovaci\u00f3n al turismo<\/h4>\t\t\t\t<\/div>\n\t\t\t\t<\/div>\n\t\t\t\t<div class=\"elementor-element elementor-element-fbdd67b elementor-widget elementor-widget-text-editor\" data-id=\"fbdd67b\" data-element_type=\"widget\" data-e-type=\"widget\" data-widget_type=\"text-editor.default\">\n\t\t\t\t<div class=\"elementor-widget-container\">\n\t\t\t\t\t\t\t\t\t<p style=\"text-align: justify; line-height: 150%;\"><strong>Bodegues Besalduch &amp; Valls<\/strong>, ubicada en Sant Mateu, ha desarrollado un modelo tur\u00edstico innovador que combina enoturismo, cultura y patrimonio industrial. El complejo est\u00e1 formado por tres espacios \u00fanicos: el Museo y Centro de Interpretaci\u00f3n del Vino \u2014el \u00fanico en la provincia de Castell\u00f3n, inaugurado en 2018 en una antigua nave de 1953\u2014, el Museo del Aceite, que ofrece experiencias educativas y sensoriales con catas, y el Museo de la Harina y la S\u00e9mola, que conserva maquinaria original del siglo XIX y documentaci\u00f3n hist\u00f3rica de gran valor. A esta oferta se suman un restaurante, salones para eventos y un servicio de catering que refuerzan su propuesta tur\u00edstica integral.<\/p>\t\t\t\t\t\t\t\t<\/div>\n\t\t\t\t<\/div>\n\t\t\t\t<\/div>\n\t\t<div class=\"elementor-element elementor-element-2092594 e-con-full e-flex e-con e-child\" data-id=\"2092594\" data-element_type=\"container\" data-e-type=\"container\">\n\t\t\t\t<div class=\"elementor-element elementor-element-eb1cab5 elementor-widget elementor-widget-image\" data-id=\"eb1cab5\" data-element_type=\"widget\" data-e-type=\"widget\" data-widget_type=\"image.default\">\n\t\t\t\t<div class=\"elementor-widget-container\">\n\t\t\t\t\t\t\t\t\t\t\t\t\t\t\t<img loading=\"lazy\" decoding=\"async\" width=\"768\" height=\"1343\" src=\"https:\/\/premios.camaracastellon.com\/wp-content\/uploads\/2025\/09\/Logo-Bodegues-Besalduch-768x1343.png\" class=\"attachment-medium_large size-medium_large wp-image-2316\" alt=\"\" \/>\t\t\t\t\t\t\t\t\t\t\t\t\t\t\t<\/div>\n\t\t\t\t<\/div>\n\t\t\t\t<\/div>\n\t\t\t\t\t<\/div>\n\t\t\t\t<\/div>\n\t\t<div class=\"elementor-element elementor-element-cd2902c e-flex e-con-boxed e-con e-parent\" data-id=\"cd2902c\" data-element_type=\"container\" data-e-type=\"container\">\n\t\t\t\t\t<div class=\"e-con-inner\">\n\t\t<div class=\"elementor-element elementor-element-453e788 e-con-full e-flex e-con e-child\" data-id=\"453e788\" data-element_type=\"container\" data-e-type=\"container\">\n\t\t\t\t<div class=\"elementor-element elementor-element-5692aff elementor-widget elementor-widget-image\" data-id=\"5692aff\" data-element_type=\"widget\" data-e-type=\"widget\" data-widget_type=\"image.default\">\n\t\t\t\t<div class=\"elementor-widget-container\">\n\t\t\t\t\t\t\t\t\t\t\t\t\t\t\t<img loading=\"lazy\" decoding=\"async\" width=\"366\" height=\"129\" src=\"https:\/\/premios.camaracastellon.com\/wp-content\/uploads\/2025\/09\/Logo-Camping-Riberamar.jpeg\" class=\"attachment-large size-large wp-image-2317\" alt=\"\" srcset=\"https:\/\/premios.camaracastellon.com\/wp-content\/uploads\/2025\/09\/Logo-Camping-Riberamar.jpeg 366w, https:\/\/premios.camaracastellon.com\/wp-content\/uploads\/2025\/09\/Logo-Camping-Riberamar-300x106.jpeg 300w, https:\/\/premios.camaracastellon.com\/wp-content\/uploads\/2025\/09\/Logo-Camping-Riberamar-18x6.jpeg 18w\" sizes=\"auto, (max-width: 366px) 100vw, 366px\" \/>\t\t\t\t\t\t\t\t\t\t\t\t\t\t\t<\/div>\n\t\t\t\t<\/div>\n\t\t\t\t<\/div>\n\t\t<div class=\"elementor-element elementor-element-749dba8 e-con-full e-flex e-con e-child\" data-id=\"749dba8\" data-element_type=\"container\" data-e-type=\"container\">\n\t\t\t\t<div class=\"elementor-element elementor-element-eca342c elementor-widget elementor-widget-heading\" data-id=\"eca342c\" data-element_type=\"widget\" data-e-type=\"widget\" data-widget_type=\"heading.default\">\n\t\t\t\t<div class=\"elementor-widget-container\">\n\t\t\t\t\t<h4 class=\"elementor-heading-title elementor-size-default\">Premio trayectoria<\/h4>\t\t\t\t<\/div>\n\t\t\t\t<\/div>\n\t\t\t\t<div class=\"elementor-element elementor-element-dc6178e elementor-widget elementor-widget-text-editor\" data-id=\"dc6178e\" data-element_type=\"widget\" data-e-type=\"widget\" data-widget_type=\"text-editor.default\">\n\t\t\t\t<div class=\"elementor-widget-container\">\n\t\t\t\t\t\t\t\t\t<p style=\"text-align: justify; line-height: 150%;\"><strong>Camping Riberamar<\/strong>, ubicado en la costa de Castell\u00f3n, inici\u00f3 su andadura en julio de 1987 con una oferta de 130 parcelas, 9 caba\u00f1as y servicios b\u00e1sicos como piscina, restaurante y supermercado. Con el paso de los a\u00f1os, el camping ha experimentado un proceso continuo de mejora y ampliaci\u00f3n que lo ha convertido en un destino vacacional moderno y completo, con 165 parcelas, 35 bungalows, piscinas (una de ellas cubierta y climatizada), pistas de p\u00e1del de cristal, zona polideportiva, miniclub, club social y servicios especializados como duchas para mascotas. Desde 2018, ante el incremento de la demanda, el camping permanece abierto durante todo el a\u00f1o.<\/p>\t\t\t\t\t\t\t\t<\/div>\n\t\t\t\t<\/div>\n\t\t\t\t<\/div>\n\t\t\t\t\t<\/div>\n\t\t\t\t<\/div>\n\t\t<div class=\"elementor-element elementor-element-0214a76 e-flex e-con-boxed e-con e-parent\" data-id=\"0214a76\" data-element_type=\"container\" data-e-type=\"container\">\n\t\t\t\t\t<div class=\"e-con-inner\">\n\t\t\t\t<div class=\"elementor-element elementor-element-9779fd6 elementor-widget elementor-widget-text-editor\" data-id=\"9779fd6\" data-element_type=\"widget\" data-e-type=\"widget\" data-widget_type=\"text-editor.default\">\n\t\t\t\t<div class=\"elementor-widget-container\">\n\t\t\t\t\t\t\t\t\t\t\t\t\t\t\t\t\t<\/div>\n\t\t\t\t<\/div>\n\t\t\t\t<div class=\"elementor-element elementor-element-b99ce85 elementor-widget elementor-widget-heading\" data-id=\"b99ce85\" data-element_type=\"widget\" data-e-type=\"widget\" data-widget_type=\"heading.default\">\n\t\t\t\t<div class=\"elementor-widget-container\">\n\t\t\t\t\t<h2 class=\"elementor-heading-title elementor-size-default\">Galard\u00f3n Accord a la Calidad Social<\/h2>\t\t\t\t<\/div>\n\t\t\t\t<\/div>\n\t\t\t\t\t<\/div>\n\t\t\t\t<\/div>\n\t\t<div class=\"elementor-element elementor-element-5a50203 e-flex e-con-boxed e-con e-parent\" data-id=\"5a50203\" data-element_type=\"container\" data-e-type=\"container\">\n\t\t\t\t\t<div class=\"e-con-inner\">\n\t\t<div class=\"elementor-element elementor-element-22bb4b6 e-con-full e-flex e-con e-child\" data-id=\"22bb4b6\" data-element_type=\"container\" data-e-type=\"container\">\n\t\t\t\t<div class=\"elementor-element elementor-element-4d121cf elementor-widget elementor-widget-heading\" data-id=\"4d121cf\" data-element_type=\"widget\" data-e-type=\"widget\" data-widget_type=\"heading.default\">\n\t\t\t\t<div class=\"elementor-widget-container\">\n\t\t\t\t\t<h4 class=\"elementor-heading-title elementor-size-default\">Premio<\/h4>\t\t\t\t<\/div>\n\t\t\t\t<\/div>\n\t\t\t\t<div class=\"elementor-element elementor-element-64c4430 elementor-widget elementor-widget-text-editor\" data-id=\"64c4430\" data-element_type=\"widget\" data-e-type=\"widget\" data-widget_type=\"text-editor.default\">\n\t\t\t\t<div class=\"elementor-widget-container\">\n\t\t\t\t\t\t\t\t\t<p><strong>Colorobbia Espa\u00f1a<\/strong>, con sede en Vilafam\u00e9s, es una de las principales referencias globales en la fabricaci\u00f3n de fritas, pigmentos y productos qu\u00edmicos para la industria cer\u00e1mica y del vidrio. M\u00e1s all\u00e1 de su excelencia industrial, Colorobbia destaca por su profundo compromiso con el desarrollo social y territorial. La empresa genera empleo estable, promueve la igualdad de g\u00e9nero \u2014con una notable presencia femenina en puestos de responsabilidad\u2014 y colabora activamente con entidades y asociaciones locales. Su implicaci\u00f3n con los municipios del interior se traduce en acciones transformadoras como el evento internacional DreamLab 2024 en Vilafam\u00e9s, que revitaliz\u00f3 un espacio en desuso y gener\u00f3 un fuerte impacto econ\u00f3mico y cultural en la zona.<\/p>\t\t\t\t\t\t\t\t<\/div>\n\t\t\t\t<\/div>\n\t\t\t\t<\/div>\n\t\t<div class=\"elementor-element elementor-element-1faefd7 e-con-full e-flex e-con e-child\" data-id=\"1faefd7\" data-element_type=\"container\" data-e-type=\"container\">\n\t\t\t\t<div class=\"elementor-element elementor-element-ffb1fee elementor-widget elementor-widget-image\" data-id=\"ffb1fee\" data-element_type=\"widget\" data-e-type=\"widget\" data-widget_type=\"image.default\">\n\t\t\t\t<div class=\"elementor-widget-container\">\n\t\t\t\t\t\t\t\t\t\t\t\t\t\t\t<img loading=\"lazy\" decoding=\"async\" width=\"300\" height=\"212\" src=\"https:\/\/premios.camaracastellon.com\/wp-content\/uploads\/2025\/09\/Logo_colorobbiaNEW_CMYK-300x212.png\" class=\"attachment-medium size-medium wp-image-2315\" alt=\"\" \/>\t\t\t\t\t\t\t\t\t\t\t\t\t\t\t<\/div>\n\t\t\t\t<\/div>\n\t\t\t\t<\/div>\n\t\t\t\t\t<\/div>\n\t\t\t\t<\/div>\n\t\t<div class=\"elementor-element elementor-element-1f8dc69 e-flex e-con-boxed e-con e-parent\" data-id=\"1f8dc69\" data-element_type=\"container\" data-e-type=\"container\">\n\t\t\t\t\t<div class=\"e-con-inner\">\n\t\t<div class=\"elementor-element elementor-element-68bb3c1 e-con-full e-flex e-con e-child\" data-id=\"68bb3c1\" data-element_type=\"container\" data-e-type=\"container\">\n\t\t\t\t<div class=\"elementor-element elementor-element-0176ec6 elementor-widget elementor-widget-heading\" data-id=\"0176ec6\" data-element_type=\"widget\" data-e-type=\"widget\" data-widget_type=\"heading.default\">\n\t\t\t\t<div class=\"elementor-widget-container\">\n\t\t\t\t\t<h2 class=\"elementor-heading-title elementor-size-default\">Premio Innovaci\u00f3n Digital<\/h2>\t\t\t\t<\/div>\n\t\t\t\t<\/div>\n\t\t\t\t<div class=\"elementor-element elementor-element-4b05c6c elementor-widget elementor-widget-image\" data-id=\"4b05c6c\" data-element_type=\"widget\" data-e-type=\"widget\" data-widget_type=\"image.default\">\n\t\t\t\t<div class=\"elementor-widget-container\">\n\t\t\t\t\t\t\t\t\t\t\t\t\t\t\t<img loading=\"lazy\" decoding=\"async\" width=\"300\" height=\"169\" src=\"https:\/\/premios.camaracastellon.com\/wp-content\/uploads\/2025\/09\/makco-rent-a-car-202010150116.png\" class=\"attachment-large size-large wp-image-2314\" alt=\"\" srcset=\"https:\/\/premios.camaracastellon.com\/wp-content\/uploads\/2025\/09\/makco-rent-a-car-202010150116.png 300w, https:\/\/premios.camaracastellon.com\/wp-content\/uploads\/2025\/09\/makco-rent-a-car-202010150116-18x10.png 18w\" sizes=\"auto, (max-width: 300px) 100vw, 300px\" \/>\t\t\t\t\t\t\t\t\t\t\t\t\t\t\t<\/div>\n\t\t\t\t<\/div>\n\t\t\t\t<\/div>\n\t\t<div class=\"elementor-element elementor-element-ca2941a e-con-full e-flex e-con e-child\" data-id=\"ca2941a\" data-element_type=\"container\" data-e-type=\"container\">\n\t\t\t\t<div class=\"elementor-element elementor-element-b8d8d36 elementor-widget elementor-widget-heading\" data-id=\"b8d8d36\" data-element_type=\"widget\" data-e-type=\"widget\" data-widget_type=\"heading.default\">\n\t\t\t\t<div class=\"elementor-widget-container\">\n\t\t\t\t\t<h4 class=\"elementor-heading-title elementor-size-default\">Premio<\/h4>\t\t\t\t<\/div>\n\t\t\t\t<\/div>\n\t\t\t\t<div class=\"elementor-element elementor-element-249f52c elementor-widget elementor-widget-text-editor\" data-id=\"249f52c\" data-element_type=\"widget\" data-e-type=\"widget\" data-widget_type=\"text-editor.default\">\n\t\t\t\t<div class=\"elementor-widget-container\">\n\t\t\t\t\t\t\t\t\t<p style=\"text-align: justify; line-height: 150%;\"><strong>Malco Digital Group<\/strong> cuenta con un innovador proyecto de movilidad digitalizada bajo demanda mediante carsharing en alojamientos vacacionales, una propuesta que redefine la experiencia del turista moderno al ofrecer una alternativa sostenible, flexible y 100\u202f% digital al modelo tradicional de alquiler de veh\u00edculos. El sistema permite a los usuarios alquilar coches por minutos u horas, directamente desde su alojamiento, sin desplazamientos ni tr\u00e1mites presenciales, gestionando todo el proceso desde una app m\u00f3vil intuitiva y multiling\u00fce. Con una base tecnol\u00f3gica avanzada \u2014que incluye IoT, gesti\u00f3n digital de flotas, control remoto sin llaves f\u00edsicas y an\u00e1lisis de datos en tiempo real\u2014, el proyecto mejora la movilidad tur\u00edstica, reduce la congesti\u00f3n y promueve un turismo m\u00e1s sostenible.<\/p>\t\t\t\t\t\t\t\t<\/div>\n\t\t\t\t<\/div>\n\t\t\t\t<\/div>\n\t\t\t\t\t<\/div>\n\t\t\t\t<\/div>\n\t\t<div class=\"elementor-element elementor-element-c85a993 e-flex e-con-boxed e-con e-parent\" data-id=\"c85a993\" data-element_type=\"container\" data-e-type=\"container\">\n\t\t\t\t\t<div class=\"e-con-inner\">\n\t\t<div class=\"elementor-element elementor-element-9ef5927 e-con-full e-flex e-con e-child\" data-id=\"9ef5927\" data-element_type=\"container\" data-e-type=\"container\">\n\t\t\t\t<div class=\"elementor-element elementor-element-4cbb556 elementor-widget elementor-widget-heading\" data-id=\"4cbb556\" data-element_type=\"widget\" data-e-type=\"widget\" data-widget_type=\"heading.default\">\n\t\t\t\t<div class=\"elementor-widget-container\">\n\t\t\t\t\t<h4 class=\"elementor-heading-title elementor-size-default\">Acc\u00e9sit<\/h4>\t\t\t\t<\/div>\n\t\t\t\t<\/div>\n\t\t\t\t<div class=\"elementor-element elementor-element-c4e1c25 elementor-widget elementor-widget-text-editor\" data-id=\"c4e1c25\" data-element_type=\"widget\" data-e-type=\"widget\" data-widget_type=\"text-editor.default\">\n\t\t\t\t<div class=\"elementor-widget-container\">\n\t\t\t\t\t\t\t\t\t<p><strong>Comercial Orbel S.A<\/strong> moderniza la formaci\u00f3n t\u00e9cnica en el sector industrial a trav\u00e9s de la digitalizaci\u00f3n avanzada y el uso de tecnolog\u00edas inmersivas con su proyecto \u2018Academia Industrial\u2019. Con m\u00e1s de 40 a\u00f1os de experiencia, la empresa ha apostado por un modelo flexible y accesible, que responde a las nuevas exigencias del mercado laboral mediante simulaciones en realidad virtual y aumentada, y contenidos adaptados a situaciones reales del entorno industrial. El eje central del proyecto es ISA (Intelligent Smart Assistant), un asistente virtual basado en inteligencia artificial que ofrece acompa\u00f1amiento personalizado 24\/7, desarrollado junto a Rewoox.<\/p>\t\t\t\t\t\t\t\t<\/div>\n\t\t\t\t<\/div>\n\t\t\t\t<\/div>\n\t\t<div class=\"elementor-element elementor-element-a45e22c e-con-full e-flex e-con e-child\" data-id=\"a45e22c\" data-element_type=\"container\" data-e-type=\"container\">\n\t\t\t\t<div class=\"elementor-element elementor-element-5b8c781 elementor-widget elementor-widget-image\" data-id=\"5b8c781\" data-element_type=\"widget\" data-e-type=\"widget\" data-widget_type=\"image.default\">\n\t\t\t\t<div class=\"elementor-widget-container\">\n\t\t\t\t\t\t\t\t\t\t\t\t\t\t\t<img loading=\"lazy\" decoding=\"async\" width=\"251\" height=\"123\" src=\"https:\/\/premios.camaracastellon.com\/wp-content\/uploads\/2025\/09\/Logo-Orbel-web.jpg\" class=\"attachment-medium size-medium wp-image-2312\" alt=\"\" srcset=\"https:\/\/premios.camaracastellon.com\/wp-content\/uploads\/2025\/09\/Logo-Orbel-web.jpg 251w, https:\/\/premios.camaracastellon.com\/wp-content\/uploads\/2025\/09\/Logo-Orbel-web-18x9.jpg 18w\" sizes=\"auto, (max-width: 251px) 100vw, 251px\" \/>\t\t\t\t\t\t\t\t\t\t\t\t\t\t\t<\/div>\n\t\t\t\t<\/div>\n\t\t\t\t<\/div>\n\t\t\t\t\t<\/div>\n\t\t\t\t<\/div>\n\t\t<div class=\"elementor-element elementor-element-cfdcef8 e-flex e-con-boxed e-con e-parent\" data-id=\"cfdcef8\" data-element_type=\"container\" data-e-type=\"container\">\n\t\t\t\t\t<div class=\"e-con-inner\">\n\t\t<div class=\"elementor-element elementor-element-272fad7 e-con-full e-flex e-con e-child\" data-id=\"272fad7\" data-element_type=\"container\" data-e-type=\"container\">\n\t\t\t\t<div class=\"elementor-element elementor-element-a227a40 elementor-widget elementor-widget-heading\" data-id=\"a227a40\" data-element_type=\"widget\" data-e-type=\"widget\" data-widget_type=\"heading.default\">\n\t\t\t\t<div class=\"elementor-widget-container\">\n\t\t\t\t\t<h2 class=\"elementor-heading-title elementor-size-default\">Empresa Centenaria<\/h2>\t\t\t\t<\/div>\n\t\t\t\t<\/div>\n\t\t\t\t<div class=\"elementor-element elementor-element-8167a2d elementor-widget elementor-widget-image\" data-id=\"8167a2d\" data-element_type=\"widget\" data-e-type=\"widget\" data-widget_type=\"image.default\">\n\t\t\t\t<div class=\"elementor-widget-container\">\n\t\t\t\t\t\t\t\t\t\t\t\t\t\t\t<img loading=\"lazy\" decoding=\"async\" width=\"300\" height=\"78\" src=\"https:\/\/premios.camaracastellon.com\/wp-content\/uploads\/2025\/09\/Loog_Mediterraneo-removebg-preview-300x78.png\" class=\"attachment-medium size-medium wp-image-2326\" alt=\"\" \/>\t\t\t\t\t\t\t\t\t\t\t\t\t\t\t<\/div>\n\t\t\t\t<\/div>\n\t\t\t\t<\/div>\n\t\t<div class=\"elementor-element elementor-element-b665fe2 e-con-full e-flex e-con e-child\" data-id=\"b665fe2\" data-element_type=\"container\" data-e-type=\"container\">\n\t\t\t\t<div class=\"elementor-element elementor-element-081f154 elementor-widget elementor-widget-text-editor\" data-id=\"081f154\" data-element_type=\"widget\" data-e-type=\"widget\" data-widget_type=\"text-editor.default\">\n\t\t\t\t<div class=\"elementor-widget-container\">\n\t\t\t\t\t\t\t\t\t<p><strong>El Peri\u00f3dico Mediterr\u00e1neo<\/strong> \u2014fundado en 1925 como Diario de Castell\u00f3n\u2014 cuenta con un siglo de historia como referente informativo de la provincia. Desde sus inicios, ha acompa\u00f1ado a la sociedad castellonense narrando sus transformaciones, retos y logros, siempre con un firme compromiso con el rigor period\u00edstico y la informaci\u00f3n de proximidad. Su capacidad de adaptaci\u00f3n le ha permitido evolucionar con los tiempos, combinando a d\u00eda de hoy la prensa impresa con un modelo digital que combina inmediatez y profundidad informativa.<\/p>\t\t\t\t\t\t\t\t<\/div>\n\t\t\t\t<\/div>\n\t\t\t\t<\/div>\n\t\t\t\t\t<\/div>\n\t\t\t\t<\/div>\n\t\t\t\t<\/div>","protected":false},"excerpt":{"rendered":"<p>Premio a la Exportaci\u00f3n Premio extraordinario Fernando Roig se ha convertido en un referente indiscutible del tejido empresarial y deportivo de la Comunitat Valenciana. Propietario y presidente de Pamesa Cer\u00e1mica, ha convertido la compa\u00f1\u00eda en uno de los mayores grupos del sector cer\u00e1mico a nivel internacional, destacando por si capacidad de innovaci\u00f3n, su visi\u00f3n estrat\u00e9gica [&hellip;]<\/p>","protected":false},"author":1,"featured_media":0,"parent":0,"menu_order":0,"comment_status":"closed","ping_status":"closed","template":"elementor_header_footer","meta":{"_et_pb_use_builder":"","_et_pb_old_content":"","_et_gb_content_width":"","footnotes":""},"class_list":["post-2318","page","type-page","status-publish","hentry"],"_links":{"self":[{"href":"https:\/\/premios.camaracastellon.com\/val\/wp-json\/wp\/v2\/pages\/2318","targetHints":{"allow":["GET"]}}],"collection":[{"href":"https:\/\/premios.camaracastellon.com\/val\/wp-json\/wp\/v2\/pages"}],"about":[{"href":"https:\/\/premios.camaracastellon.com\/val\/wp-json\/wp\/v2\/types\/page"}],"author":[{"embeddable":true,"href":"https:\/\/premios.camaracastellon.com\/val\/wp-json\/wp\/v2\/users\/1"}],"replies":[{"embeddable":true,"href":"https:\/\/premios.camaracastellon.com\/val\/wp-json\/wp\/v2\/comments?post=2318"}],"version-history":[{"count":7,"href":"https:\/\/premios.camaracastellon.com\/val\/wp-json\/wp\/v2\/pages\/2318\/revisions"}],"predecessor-version":[{"id":2337,"href":"https:\/\/premios.camaracastellon.com\/val\/wp-json\/wp\/v2\/pages\/2318\/revisions\/2337"}],"wp:attachment":[{"href":"https:\/\/premios.camaracastellon.com\/val\/wp-json\/wp\/v2\/media?parent=2318"}],"curies":[{"name":"wp","href":"https:\/\/api.w.org\/{rel}","templated":true}]}}